{"id":3953,"date":"2022-03-22T16:06:08","date_gmt":"2022-03-22T14:06:08","guid":{"rendered":"https:\/\/www.gron-andersen.es\/konsulentbureau\/"},"modified":"2023-05-11T08:59:48","modified_gmt":"2023-05-11T07:59:48","slug":"konsulentbureau","status":"publish","type":"page","link":"https:\/\/www.gron-andersen.es\/no\/konsulentbureau\/","title":{"rendered":"Konsulentbureau"},"content":{"rendered":"\t\t<div data-elementor-type=\"wp-page\" data-elementor-id=\"3953\" class=\"elementor elementor-3953 elementor-1703\" data-elementor-post-type=\"page\">\n\t\t\t\t\t\t<section class=\"elementor-section elementor-top-section elementor-element elementor-element-3361c267 elementor-section-boxed elementor-section-height-default elementor-section-height-default\" data-id=\"3361c267\" data-element_type=\"section\" data-e-type=\"section\">\n\t\t\t\t\t\t<div class=\"elementor-container elementor-column-gap-default\">\n\t\t\t\t\t<div class=\"elementor-column elementor-col-100 elementor-top-column elementor-element elementor-element-25c71b0b\" data-id=\"25c71b0b\" data-element_type=\"column\" data-e-type=\"column\">\n\t\t\t<div class=\"elementor-widget-wrap elementor-element-populated\">\n\t\t\t\t\t\t<div class=\"elementor-element elementor-element-1915848c elementor-widget elementor-widget-heading\" data-id=\"1915848c\" data-element_type=\"widget\" data-e-type=\"widget\" data-widget_type=\"heading.default\">\n\t\t\t\t<div class=\"elementor-widget-container\">\n\t\t\t\t\t<h2 class=\"elementor-heading-title elementor-size-default\">Konsulentbureau<\/h2>\t\t\t\t<\/div>\n\t\t\t\t<\/div>\n\t\t\t\t<div class=\"elementor-element elementor-element-108fe735 elementor-widget elementor-widget-heading\" data-id=\"108fe735\" data-element_type=\"widget\" data-e-type=\"widget\" data-widget_type=\"heading.default\">\n\t\t\t\t<div class=\"elementor-widget-container\">\n\t\t\t\t\t<h5 class=\"elementor-heading-title elementor-size-default\">FAQ<\/h5>\t\t\t\t<\/div>\n\t\t\t\t<\/div>\n\t\t\t\t<div class=\"elementor-element elementor-element-3c5ae94c elementor-widget elementor-widget-text-editor\" data-id=\"3c5ae94c\" data-element_type=\"widget\" data-e-type=\"widget\" data-widget_type=\"text-editor.default\">\n\t\t\t\t<div class=\"elementor-widget-container\">\n\t\t\t\t\t\t\t\t\tKonsulentbyr\u00e5et &laquo;Gr\u00f8n &amp; Andersen&raquo; er det alltid en danske som tar telefonen. Det er bare en detalj, men den inneholder hele ideen.\t\t\t\t\t\t\t\t<\/div>\n\t\t\t\t<\/div>\n\t\t\t\t\t<\/div>\n\t\t<\/div>\n\t\t\t\t\t<\/div>\n\t\t<\/section>\n\t\t\t\t<section class=\"elementor-section elementor-top-section elementor-element elementor-element-746d799f elementor-section-boxed elementor-section-height-default elementor-section-height-default\" data-id=\"746d799f\" data-element_type=\"section\" data-e-type=\"section\">\n\t\t\t\t\t\t<div class=\"elementor-container elementor-column-gap-default\">\n\t\t\t\t\t<div class=\"elementor-column elementor-col-100 elementor-top-column elementor-element elementor-element-1a19ef65\" data-id=\"1a19ef65\" data-element_type=\"column\" data-e-type=\"column\">\n\t\t\t<div class=\"elementor-widget-wrap elementor-element-populated\">\n\t\t\t\t\t\t<div class=\"elementor-element elementor-element-701ceef0 elementor-widget elementor-widget-text-editor\" data-id=\"701ceef0\" data-element_type=\"widget\" data-e-type=\"widget\" data-widget_type=\"text-editor.default\">\n\t\t\t\t<div class=\"elementor-widget-container\">\n\t\t\t\t\t\t\t\t\t            <div class=\"qae-faqs-container qae-faqs-toggle-container\">\n\t\t\t\t\t\t<div id=\"qaef-4538\" class=\"qe-faq-toggle \">\n\t\t\t<div class=\"qe-toggle-title\">\n\t\t\t\t<h4>\n\t\t\t\t\t<i class=\"fa fa-minus-circle\"><\/i> Godkendelse af ikke registreret byggeri\t\t\t\t<\/h4>\n\t\t\t<\/div>\n\t\t\t<div class=\"qe-toggle-content\">\n\t\t\t\t\n<p>N\u00e5r man i Spanien \u00f8nsker at bygge en ejendom eller foretage tilbygning p\u00e5 en allerede eksisterende bolig \/ ejendom, skal man ans\u00f8ge kommunen om byggetilladelse og opn\u00e5 denne inden man p\u00e5starter byggeriet. I denne sammenh\u00e6ng skal der\u00a0pr\u00e6senteres en del dokumentation og kommunen skal godkende det byggeri man \u00f8nsker at opf\u00f8re. N\u00e5r byggeriet er f\u00e6rdiggjort skal kommunens tekniker gennemg\u00e5 byggeriet og give endelig godkendelse.<\/p>\n\n<p>Men hvad g\u00f8r man n\u00e5r ejendommen eller tilbygning\/ombygning allerede er opf\u00f8rt uden denne tilladelse? En del boliger af \u00e6ldre dato har ikke denne byggetilladelse og ofte har tidligere ejere af ejendommen eller nuv\u00e6rene ejer selv udvidet boligen uden at v\u00e6re opm\u00e6rksom p\u00e5 denne forpligtelse.<\/p>\n\n<p>Heldigvis kan mange af disse byggerier blive godkendt og korrekt registreret hos myndighederne via certifikat som arkitekt udarbejder som hedder \u201cCertificado de Antig\u00fcedad\u201d. Dog skal hver situation vurderes for sig, da det ikke altid er muligt at f\u00e5 godkendelse via dette certifikat men i visse situationer skal benyttes anden procedure. Men i langt de fleste situationer kan byggeri eller tilbygning godkendes via dette certifikat. Det er et krav at byggeriet er\u00a0<strong>opf\u00f8rt og f\u00e6rdiggjort for mere end 6 \u00e5r siden<\/strong>\u00a0og dette kan bevises enten via dokumentation eller billeder. I Certifikatet skal arkitekt netop bevise og bekr\u00e6fter at byggeriet blev opf\u00f8rt for mere end 6 \u00e5r siden (i Andalusien). Derudover skal i certifikatet fremg\u00e5 beskrivelse a boligen i sin helhed som den er i \u00f8jeblikket (etager, antal kvadratmeter, materialer benyttet, GPS koordinater, referencenummer i spansk ejendomsregister, m.m.). Det er ligeledes et krav for at kunne udarbejde certifikatet at kommunen ikke allerede har p\u00e5startet sag mod det ulovlige byggeri.<\/p>\n\n<p>Med ovenst\u00e5ende certifikat som arkitekt eller ingeni\u00f8r f\u00e5r viseret hos arkitektkolegiet, kan der hos notar udarbejdet sk\u00f8de hvori deklareres at boligen \/ ejendommen er opf\u00f8rt \/ er udvidet og nu har den p\u00e5g\u00e6ldende beskrivelse. Dette sk\u00f8de, udarbejdet af notar med den nye beskrivelse af ejendommen, skal efterf\u00f8lgende registreres hos spansk Ejendomsregister som skal rette boligens beskrivelse til den der fremg\u00e5r i Certifikatet. Denne procedure har omkostninger men har den fordel, at n\u00e5r byggeriet er korrekt registreret og den fulde st\u00f8rrelse af boligen fremg\u00e5r i spansk Ejendomsregister, s\u00e5 vil boligens v\u00e6rdi stige hvilket specielt er interessant hvis man overvejer at s\u00e6lge.<\/p>\n\n<p>Specielt i landomr\u00e5der eller boliger af \u00e6ldre dato kan beskrivelsen i spansk Ejendomsregister pr\u00e6senterer differencer i forhold til de reelle m\u00e5l af ejendommen eller matriklen da man i de seneste \u00e5r benytter elektroniske\u00a0\u00a0m\u00e5lingsteknikker som er langt mere pr\u00e6cise end de metoder man benyttede \u00e5r tilbage. I visse situationer kan det blive n\u00f8dvendigt ogs\u00e5 at inddrage landm\u00e5ler for at udarbejde certifikatet.<\/p>\n\n<p>Er der st\u00f8rre difference mellem beskrivelsen i spansk Ejendomsregister og den reelle st\u00f8rrelse af matriklen \/ ejendommen skal man s\u00f8rge for at f\u00e5 rettet denne beskrivelse i spansk Ejendomsregister. Er der mindre differencer, hvilket ofte er tilf\u00e6ldet, vil det normalt ikke have betydning eller give problemer ved eventuelt overdragelse af ejendommen. Hvis differencen i kvadratmeter er mindre end 10% vil det normalt ikke give problemer med myndighederne.<\/p>\n\n<p>Dog er det vigtigt n\u00e5r man overvejer at k\u00f8be ejendom, at man kontrollerer at den bolig man ser rent fysisk svarer til beskrivelsen i spansk ejendomsregister, ikke kun hvad antal kvadratmeter ang\u00e5r men ogs\u00e5 beskrivelse af intern distribution af boligen (antal v\u00e6relser, etager m.m.). Ifald der er differencer skal s\u00e6lger p\u00e5tage denne omkostning og f\u00e5 korrigeret beskrivelsen af ejendommen s\u00e5 den svarer til den reelle beskrivelse.<\/p>\n\n<p>\u00d8nsker i yderligere information er i velkomne til at kontakte Lena Gr\u00f8n og Heidi S. Andersen fra Gr\u00f8n &amp; Andersen Konsulentbureau p\u00e5\u00a0<a href=\"mailto:info@www.gron-andersen.es\">info@gron-andersen.es<\/a>\u00a0eller\u00a0\u00a0telefon 951910649 eller mobil 647911302.<\/p>\n\n<p>Denne artikel er skrevet i samarbejde med arkitekt Mar\u00eda del Carmen P\u00e9rez Castellanos.<\/p>\n\t\t\t<\/div>\n\t\t<\/div>\n\t\t\t\t<div id=\"qaef-1358\" class=\"qe-faq-toggle norsk-nn\">\n\t\t\t<div class=\"qe-toggle-title\">\n\t\t\t\t<h4>\n\t\t\t\t\t<i class=\"fa fa-minus-circle\"><\/i> Til \u00e5 fra flytting Spania\t\t\t\t<\/h4>\n\t\t\t<\/div>\n\t\t\t<div class=\"qe-toggle-content\">\n\t\t\t\t<p><span lang=\"DA\" xml:lang=\"DA\">Ved til \u00e5 fraflytning oppst\u00e5r der mange tvil; hvordan skal jeg melde fra flytting?, hvilken tid p\u00e5 \u00e5ret er det mest fordelaktigt \u00e5 flytte?, I hvilke myndigheter b\u00f8r jeg registrere til flyttingen?, hva med skatt? og helsetrygsforsikring?, etc..<\/span><\/p>\n<p><span lang=\"DA\" xml:lang=\"DA\">Vi kan veilede v\u00e5re klienter gjennom hele prosessen og gi r\u00e5d og veiledning om, hvor man skal g\u00e5 og hva du skal huske og gj\u00f8re b\u00e5de i fra flyttingslandet og registrering i til flyttingslandet.<\/span><\/p>\n\t\t\t<\/div>\n\t\t<\/div>\n\t\t\t\t<div id=\"qaef-1357\" class=\"qe-faq-toggle norsk-nn\">\n\t\t\t<div class=\"qe-toggle-title\">\n\t\t\t\t<h4>\n\t\t\t\t\t<i class=\"fa fa-minus-circle\"><\/i> Residencia &laquo;Spansk Opholdstillatelse&raquo;\t\t\t\t<\/h4>\n\t\t\t<\/div>\n\t\t\t<div class=\"qe-toggle-content\">\n\t\t\t\t<p>Residencia Certifikat er et registreringsbevis for EU-borgere, der bos\u00e6tter sig i Spanien. De personer, som opholder sig i Spanien i mere end tre m\u00e5neder, SKAL registrere sig som residenter i Spanien. Dette er et krav fra det spanske Indenrigsministerium og registreringen foretages via det spanske Nationalpoliti. Dette certifikat er, for EU-borgere, ikke tidsbegr\u00e6nset, men skal afmeldes hvis man fraflytter fra Spanien.<br \/>\nUdover ans\u00f8gning om Residencia Certifikat, skal man ved tilflytning til Spanien ligeledes registrere sig p\u00e5 Kommunen (Ayuntamiento), Skattev\u00e6sene og Sygesikringskontoret.<\/p>\n\t\t\t<\/div>\n\t\t<\/div>\n\t\t\t\t<div id=\"qaef-1356\" class=\"qe-faq-toggle norsk-nn\">\n\t\t\t<div class=\"qe-toggle-title\">\n\t\t\t\t<h4>\n\t\t\t\t\t<i class=\"fa fa-minus-circle\"><\/i> Nie Nummer &laquo;Spansk ID Nummer&raquo;\t\t\t\t<\/h4>\n\t\t\t<\/div>\n\t\t\t<div class=\"qe-toggle-content\">\n\t\t\t\t<p>NIE-nummer er et spansk&nbsp;identifikationsnummer (svarende til dansk CPR-nummerbevis). Selv om man ikke er resident i Spanien, vil det ofte v\u00e6re n\u00f8dvendigt at have NIE-nummer, bl.a. ved k\u00f8b af fast ejendom, indregistrering af k\u00f8ret\u00f8j i Spanien, skattebetalinger, arv, m.m.<\/p>\n\t\t\t<\/div>\n\t\t<\/div>\n\t\t\t\t<div id=\"qaef-1355\" class=\"qe-faq-toggle norsk-nn\">\n\t\t\t<div class=\"qe-toggle-title\">\n\t\t\t\t<h4>\n\t\t\t\t\t<i class=\"fa fa-minus-circle\"><\/i> Spansk Helsetrygforsikring &laquo;Seguridad Social&raquo;\t\t\t\t<\/h4>\n\t\t\t<\/div>\n\t\t\t<div class=\"qe-toggle-content\">\n\t\t\t\t<p><span lang=\"DA\" xml:lang=\"DA\">Det er selvsagt viktig \u00e5 bli registrert ved den spanske helsetrygsforsikring n\u00e5r du flytter til Spania. S\u00e5 blir du inkluderet i den offentlig spanske helsetrygsforsikring og har ret til helsehj\u00e6lp.<br \/>\nVi s\u00f8ker europeiske helsetyrgskortsygesikringskort (bl\u00e5 kort), blankett (S1) E-121, E-106, E-107, E-108 og inkludering av familiemedlemmer og anvendelse av lege.<\/span><span lang=\"DA\" xml:lang=\"DA\">\u00a0<\/span><\/p>\n<p><span lang=\"DA\" xml:lang=\"DA\">Din ektefelle\/partner, barn\/unge under 26 \u00e5r, kan inkluderes i din\u00a0<\/span><span lang=\"DA\" xml:lang=\"DA\">helsetrygsforsikring og vil ha samme rettigheter til \u00e5 motta offentlig helsetrygsforsikring som den sikrede.<\/span><\/p>\n<p><span lang=\"DA\" xml:lang=\"DA\">Mottakere av sosiale pensjoner (alderspensjon eller uf\u00f8repensjon) og f\u00f8rtidspensjonister kan automatisk bli dekket av den spanske shelsetrygsforsikring. De m\u00e5 ta med en blankett med fra utbetalingslandet S1 (E-121 eller E-106), og kan bruke denne blankett til \u00e5 melde deg inn i den offentlige helsetrygsforsikring i Spania (INSS- Instituto Nacional de la Seguridad Social).<br \/>\n<\/span><\/p>\n<p><span lang=\"DA\" xml:lang=\"DA\">N\u00e5r du har f\u00e5tt helseforsikringsnummer av INSS, m\u00e5 du registrere deg ved det\u00a0lokale legecenter og velge en familielege og bestille det spanske helsetrygskort.<\/span><span lang=\"DA\" xml:lang=\"DA\">\u00a0<\/span><\/p>\n\t\t\t<\/div>\n\t\t<\/div>\n\t\t\t\t<div id=\"qaef-1354\" class=\"qe-faq-toggle norsk-nn\">\n\t\t\t<div class=\"qe-toggle-title\">\n\t\t\t\t<h4>\n\t\t\t\t\t<i class=\"fa fa-minus-circle\"><\/i> Europeisk Helsetrygskort\t\t\t\t<\/h4>\n\t\t\t<\/div>\n\t\t\t<div class=\"qe-toggle-content\">\n\t\t\t\t<p><span lang=\"DA\" xml:lang=\"DA\">Alle der reiser til et annet EU-land i en midlertidig periode,m\u00e5 be om dette helsetrygskort i tilfelle de trenger akutt legehjelp i dette land.<\/p>\n<p>Pensjonister og f\u00f8rtidspensjonister som er dekket av den spanske helsetrygsforsikring gjennom blankett S1 (E121\/E106), m\u00e5 s\u00f8ke om et europeisk helsetrygskort fra myndighetene i det land de mottaker pensjonen\/f\u00f8rtidspensjonen fra.<br \/>\n<\/span><\/p>\n<p><span lang=\"DA\" xml:lang=\"DA\">Familiemedlemer til pensjonister og f\u00f8rtidspensjonister har ogs\u00e5 rett til \u00e5 bli<br \/>\ndekket av den spanske helsetrygsforsikring.<\/span><\/p>\n\t\t\t<\/div>\n\t\t<\/div>\n\t\t\t\t<div id=\"qaef-1353\" class=\"qe-faq-toggle norsk-nn\">\n\t\t\t<div class=\"qe-toggle-title\">\n\t\t\t\t<h4>\n\t\t\t\t\t<i class=\"fa fa-minus-circle\"><\/i> S\u00f8knad om EU Pensjoner\t\t\t\t<\/h4>\n\t\t\t<\/div>\n\t\t\t<div class=\"qe-toggle-content\">\n\t\t\t\t<p>Vi hjelper deg med \u00e5 s\u00f8ke om alderspensjon fra andre EU-lande. N\u00e5r du m\u00e5 s\u00f8ke om pensjon fra dit hjemland, m\u00e5 man normalt sende s\u00f8knaden til pensjons myndigheten i bostedslandet (f. eks. Spania), personer som \u201dbare\u201d har rett til pensjon fra Norge, kan pr\u00f8ve \u00e5 s\u00f8ke direkte fra NAV Utland, da dette vanligvis g\u00e5r mye raskere, men det er ikke alltid dette kan gj\u00f8res, fordi de ber innsende s\u00f8knaden I Spania.<\/p>\n\t\t\t<\/div>\n\t\t<\/div>\n\t\t\t\t<div id=\"qaef-1352\" class=\"qe-faq-toggle norsk-nn\">\n\t\t\t<div class=\"qe-toggle-title\">\n\t\t\t\t<h4>\n\t\t\t\t\t<i class=\"fa fa-minus-circle\"><\/i> Utveksling av f\u00f8rerkort\t\t\t\t<\/h4>\n\t\t\t<\/div>\n\t\t\t<div class=\"qe-toggle-content\">\n\t\t\t\t<p><span class=\"hps\"><span lang=\"DA\" xml:lang=\"DA\">EU-borgere, som flytter til<\/span><\/span> <span lang=\"DA\" xml:lang=\"DA\"><span class=\"hps\">Spania<\/span>, vil <span class=\"hps\">snart utveksle<\/span> <span class=\"hps\">sit norkse f\u00f8rekort<\/span> <span class=\"hps\">til<\/span> <span class=\"hps\">et spansk<\/span> <span class=\"hps\">EU-f\u00f8rekort<\/span>, <span class=\"hps\">men er ikke forpliktet<\/span> <span class=\"hps\">til \u00e5 gj\u00f8re det<\/span>f\u00f8r <span class=\"hps\">den 19.<\/span> <span class=\"hps\">Januar 2015.<\/span> <span class=\"hps\">Hvis du har et norsk f\u00f8rekort<\/span> <span class=\"hps\">og vil vente med \u00e5<\/span> <span class=\"hps\">endre<\/span><span class=\"hps\">dette<\/span> <span class=\"hps\">til \u00e5r<\/span> <span class=\"hps\">2015,<\/span> m\u00e5 du f\u00e5 det <span class=\"hps\">registrert<\/span> <span class=\"hps\">ved Trafik<\/span> K<span class=\"hps\">ontoret<\/span>, <span class=\"hps\">for \u00e5 unng\u00e5<\/span> <span class=\"hps\">sanktjoner.<\/span><br \/>\n<span class=\"hps\">Men hvis det<\/span> <span class=\"hps\">er utl\u00f8pt<\/span> <span class=\"hps\">eller er blitt stj\u00e5let<\/span>, m\u00e5 det utveksles <span class=\"hps\">med<\/span> <span class=\"hps\">et spansk EU-f\u00f8rekort.<\/span><\/span><span lang=\"DA\" xml:lang=\"DA\"><span lang=\"DA\" xml:lang=\"DA\"><span class=\"hps\"><\/span><\/span><\/span><\/p>\n<p><span class=\"hps\"><span lang=\"DA\" xml:lang=\"DA\">Fornyelse af<\/span><\/span> <span lang=\"DA\" xml:lang=\"DA\"><span class=\"hps\">spansk EU-f\u00f8rekort<\/span>:<\/span><\/p>\n<p><span lang=\"DA\" xml:lang=\"DA\">10 \u00e5r <span class=\"hps\">opp<\/span> <span class=\"hps\">til 45 \u00e5r,<\/span> <span class=\"hps\">5 \u00e5r fra 45<\/span> <span class=\"hps\">\u00e5r til 65 \u00e5r<\/span>, fra du <span class=\"hps\">er 65 \u00e5r<\/span> m\u00e5 f\u00f8rekortet <span class=\"hps\">fornyes<\/span> <span class=\"hps\">hvert to \u00e5r.<\/span><\/span><\/p>\n<p><span class=\"hps\">For \u00e5 unng\u00e5<\/span> <span class=\"hps\">problemer med<\/span> <span class=\"hps\">det spanske politi<\/span>, er det en <span class=\"hps\">god<\/span> <span class=\"hps\">id\u00e9<\/span> \u00e5 <span class=\"hps\">f\u00e5 det<\/span> utvekslet s\u00e5 snart som <span class=\"hps\">mulig eller f\u00e5 det<\/span> <span class=\"hps\">registrert og f\u00e5 lavet en<\/span> <span class=\"hps\">legeerk\u00e6ring ved en<\/span> <span class=\"hps\">autoriseret lege.<\/span><\/p>\n<p><span class=\"hpsatn\">(<\/span>R\u00e5d: <span class=\"hps\">I stedet for \u00e5 f\u00e5 det<\/span> <span class=\"hps\">registreret,<\/span> kan man like godt f\u00e5 det utvekslet med det samme).<\/p>\n<p><span lang=\"DA\" xml:lang=\"DA\">NOTE<span class=\"hps\">:<\/span>. <span class=\"hps\">Hvis du har mottat<\/span> <span class=\"hps\">en fartsb\u00f8te, parkeringsb\u00f8te, etc&#8230;, m\u00e5 f\u00f8rekortet utveksles til et spansk EU-f\u00f8rekort<\/span>, \u00e5rsaken til d<span class=\"hps\">ette er, at<\/span> <span class=\"hps\">ellers har<\/span> <span class=\"hps\">Spania<\/span> <span class=\"hps\">ingen<br \/>\nsjance til \u00e5<\/span> gj\u00f8re <span class=\"hps\">klipp i det norske f\u00f8rekort.<\/span><br \/>\n<span class=\"hps\">(Hvis<\/span> <span class=\"hps\">ikke<\/span> f<span class=\"hps\">\u00f8rekortet<\/span> <span class=\"hps\">er<\/span> <span class=\"hps\">utl\u00f8bet<\/span> <span class=\"hps\">er det ikke p\u00e5krevd \u00e5 lage legeattesten<\/span>, hvis for eks. f\u00f8rekortet utl\u00f8ber inden 2015 m\u00e5 du lave en legeattesten).<\/span><\/p>\n<p><span lang=\"DA\" xml:lang=\"DA\"><span class=\"hps\">Dem som fikk<\/span> utvekslet ssit f\u00f8rekort til <span class=\"hps\">det spanske<\/span> <span class=\"hps\">innen<\/span> <span class=\"hps\">19.<\/span> <span class=\"hps\">Januar 2013<\/span> <span class=\"hps\">m\u00e5<\/span> <span class=\"hps\">ikke at<\/span><span class=\"hps\">gj\u00f8re noe.<\/span><\/span><\/p>\n\t\t\t<\/div>\n\t\t<\/div>\n\t\t\t\t<div id=\"qaef-1349\" class=\"qe-faq-toggle norsk-nn\">\n\t\t\t<div class=\"qe-toggle-title\">\n\t\t\t\t<h4>\n\t\t\t\t\t<i class=\"fa fa-minus-circle\"><\/i> Skatter\u00e5d\t\t\t\t<\/h4>\n\t\t\t<\/div>\n\t\t\t<div class=\"qe-toggle-content\">\n\t\t\t\t<p><span class=\"hps\">Fortell oss<\/span> <span class=\"hps\">om dine<\/span> <span class=\"hps\">planer og vi<\/span><span class=\"hps\">vil<\/span> <span class=\"hps\">hjelpe deg til \u00e5<\/span> <span class=\"hps\">f\u00e5 dem<\/span> <span class=\"hps\">til \u00e5 realiseres<\/span>. <span class=\"hps\">Du kan<\/span> <span class=\"hps\">trygt la<\/span> <span class=\"hps\">de<\/span><span class=\"hps\">kjedelige oppgaver<\/span> <span class=\"hps\">\u00f8konomiske og<\/span> <span class=\"hps\">prosessuelle<\/span> <span class=\"hps\">plikter i forbindelse<\/span> <span class=\"hps\">med virksomheten<\/span> <span class=\"hps\">til oss.<\/span><\/p>\n<p><span class=\"hps\">For \u00e5 oppn\u00e5 dette<\/span>, <span class=\"hps\">har vi et profesjonelt<\/span> <span class=\"hps\">team som er<\/span> <span class=\"hps\">i<\/span><span class=\"hps\">jevnlig kontakt<\/span> <span class=\"hps\">med myndighetene<\/span> <span class=\"hps\">og derfor<\/span> <span class=\"hps\">alltid<\/span> <span class=\"hps\">ha<\/span> <span class=\"hps\">oppdatert informasjon<\/span> <span class=\"hps\">om<\/span> <span class=\"hps\">de administrative<\/span> <span class=\"hps\">tiltak innenfor<\/span> <span class=\"hps\">kontroll, revisjon<\/span> <span class=\"hps\">og inspeksjon.<\/span> <span class=\"hps\">V\u00e5rt team<\/span><span class=\"hps\">utf\u00f8rer<\/span> <span class=\"hps\">ogs\u00e5<\/span> <span class=\"hps\">administrative<\/span> <span class=\"hps\">analyse<\/span> <span class=\"hps\">av reglene for<\/span> <span class=\"hps\">bedriftens rettigheter<\/span>. <span class=\"hps\">Vi er<\/span> <span class=\"hps\">alltid tilgjengelig for deg<\/span>, <span class=\"hps\">s\u00e5<\/span> <span class=\"hps\">selv de beste<\/span> <span class=\"hps\">profesjonelle<\/span> <span class=\"hps\">konsulenter er<\/span><span class=\"hps\">ikke for mye bruk<\/span> <span class=\"hps\">hvis de ikke er<\/span> <span class=\"hps\">forberedt p\u00e5 \u00e5 ta<\/span> <span class=\"hps\">vare p\u00e5<\/span> <span class=\"hps\">din tvil<\/span> <span class=\"hps\">og administrere<\/span> <span class=\"hps\">dine saker<\/span> <span class=\"hps\">akkurat n\u00e5r du<\/span> <span class=\"hps\">trenger det<\/span>.<\/p>\n\t\t\t<\/div>\n\t\t<\/div>\n\t\t\t\t<div id=\"qaef-1347\" class=\"qe-faq-toggle norsk-nn\">\n\t\t\t<div class=\"qe-toggle-title\">\n\t\t\t\t<h4>\n\t\t\t\t\t<i class=\"fa fa-minus-circle\"><\/i> Spansk og internasjonal skatterett\t\t\t\t<\/h4>\n\t\t\t<\/div>\n\t\t\t<div class=\"qe-toggle-content\">\n\t\t\t\t<p><span class=\"hps\">N\u00e5r<\/span> <span class=\"hps\">noen form for<\/span> <span class=\"hps\">\u00f8konomisk aktivitet<\/span><span class=\"hps\">begynner<\/span> <span class=\"hps\">eller<\/span> <span class=\"hps\">n\u00e5r du gj\u00f8r<\/span> <span class=\"hps\">personlige beslutninger<\/span>, <span class=\"hps\">b\u00f8r<\/span> <span class=\"hps\">de skattemessige konsekvensene<\/span> <span class=\"hps\">alltid vurderes<\/span> <span class=\"hps\">for \u00e5<\/span> <span class=\"hps\">velge<\/span><span class=\"hps\">den mest fordelaktige<\/span> <span class=\"hps\">l\u00f8sningen<\/span>.<\/p>\n<p><span class=\"hps\">Ved \u00e5 sammenligne<\/span> <span class=\"hps\">og vurdere<\/span> <span class=\"hps\">ulike<\/span><span class=\"hps atn\">forhold (<\/span>n\u00e5v\u00e6rende <span class=\"hps\">og fremtidige<\/span> <span class=\"hps\">inntekt<\/span>,<span class=\"hps\">eiendom,<\/span> <span class=\"hps\">juridiske og skattemessige<\/span><span class=\"hps\">rammeverk<\/span> <span class=\"hps\">&#8230;<\/span>) <span class=\"hps\">vi pr\u00f8ver<\/span> <span class=\"hps\">\u00e5<\/span> <span class=\"hps\">planlegge og<\/span><span class=\"hps\">beregne<\/span> <span class=\"hps\">skattemessige konsekvenser<\/span>, <span class=\"hps\">og<\/span><span class=\"hps\">vi<\/span> <span class=\"hps\">kan dermed redusere<\/span> <span class=\"hps\">skattesatsen til<\/span> <span class=\"hps\">et<\/span> <span class=\"hps\">minimum.<\/span> <span class=\"hps\">Dette<\/span> <span class=\"hps\">gj\u00f8res alltid<\/span> <span class=\"hps\">p\u00e5 grunnlag av<\/span><span class=\"hps\">gjeldende lover<\/span>.<\/p>\n<p>&nbsp;<\/p>\n\t\t\t<\/div>\n\t\t<\/div>\n\t\t\t\t<div id=\"qaef-1346\" class=\"qe-faq-toggle norsk-nn\">\n\t\t\t<div class=\"qe-toggle-title\">\n\t\t\t\t<h4>\n\t\t\t\t\t<i class=\"fa fa-minus-circle\"><\/i> Juridisk bistand hus-kj\u00f8p og salg\t\t\t\t<\/h4>\n\t\t\t<\/div>\n\t\t\t<div class=\"qe-toggle-content\">\n\t\t\t\t<ul>\n<li><span class=\"hps\">Utvikling<\/span> <span class=\"hps\">ogunders\u00f8kelser av<\/span>sj\u00f8psavtaler og utveksling<span class=\"hps\">skontrakter<\/span><\/li>\n<li><span class=\"hps\">Utvikling og<\/span> <span class=\"hps\">unders\u00f8kelser<\/span>\u00a0av<span class=\"hps\">\u00a0 utleiningskontrakter for eiendom og selskabs<\/span>lokaler<\/li>\n<li><span class=\"hps\">Utvikling og<\/span> <span class=\"hps\">unders\u00f8kelser<\/span>\u00a0av sj\u00f8psavtaler<\/li>\n<li><span class=\"hps\">Utvikling og<\/span> <span class=\"hps\">unders\u00f8kelser<\/span>\u00a0av <span class=\"hps\">utveksling<\/span><span class=\"hps\">skontrakter<\/span><\/li>\n<li>Notarbef\u00f8jelser<\/li>\n<li>Ratifisering af notardokumenter<\/li>\n<li>Juridiske <span class=\"hps\">unders\u00f8kelser<\/span> <span class=\"hps\">av\u00a0<\/span><span class=\"hps\">eiendommen<\/span> <span class=\"hps\">eierskap<\/span>, <span class=\"hps\">samt<\/span><span class=\"hps\">\u00a0rettigheter<\/span><span class=\"hps\">og plikter<\/span>\u00a0d<span class=\"hps\">ertil<\/span><\/li>\n<li><span class=\"hps\">Behandling av<\/span> <span class=\"hps\">privat overdragelses<\/span><span class=\"hps\">kontrakter<\/span> <span class=\"hps\">og notardokumenter<\/span><span class=\"hps\">f\u00f8r<\/span> <span class=\"hps\">registrering i<\/span> <span class=\"hps\">eiendomsregisteret<\/span><\/li>\n<\/ul>\n\t\t\t<\/div>\n\t\t<\/div>\n\t\t\t\t<div id=\"qaef-1345\" class=\"qe-faq-toggle norsk-nn\">\n\t\t\t<div class=\"qe-toggle-title\">\n\t\t\t\t<h4>\n\t\t\t\t\t<i class=\"fa fa-minus-circle\"><\/i> Registrering og godkjenning av virksomhets titler\t\t\t\t<\/h4>\n\t\t\t<\/div>\n\t\t\t<div class=\"qe-toggle-content\">\n\t\t\t\t<p><span lang=\"DA\" xml:lang=\"DA\">Har du en norsk tittel (for eks. lege, sykepleier)\u00a0og skal bruke dette til \u00e5\u00a0arbejde I Spania er du p\u00e5lagt \u00e5 f\u00e5 dette registreret I Spania\u00a0(godkjenning gjennom EU).<\/span><\/p>\n<p>Registrering I Spania blir gjort I Madrid og kan tage helt op til et \u00e5r.<\/p>\n<p><span class=\"hps\">For<\/span> <span class=\"hps\">dette<\/span> <span class=\"hps\">er<\/span> <span class=\"hps\">det viktig \u00e5 ha<\/span> <span class=\"hps\">alt original<\/span> <span class=\"hps\">dokumentasjon<\/span> <span class=\"hps\">som tittel,<\/span> <span class=\"hps\">examensbevis<\/span>, <span class=\"hps\">antall timer du<\/span> <span class=\"hps\">har studert og<\/span> <span class=\"hps\">hvilke fag<\/span> du <span class=\"hps\">hadde<\/span>.<\/p>\n<p><span class=\"hps\">En annen viktig<\/span> <span class=\"hps\">dokumentasjon<\/span> <span class=\"hps\">Spania<\/span> <span class=\"hps\">krever, er en<\/span> <span class=\"hps\">bekreftelse fra<\/span> Helse departementet, som bekrefter <span class=\"hps\">at du har lov<\/span> <span class=\"hps\">til \u00e5 praktisere<\/span> <span class=\"hps\">som lege<\/span> <span class=\"hps\">eller sykepleier<\/span> <span class=\"hps\">&laquo;Sertifikat<\/span> <span class=\"hps\">og<\/span> <span class=\"hps atn\">Good-<\/span>Standing&raquo;.<\/p>\n<p><span class=\"hps\">I\u00a0noen<\/span> <span class=\"hps\">tilfeller<\/span> <span class=\"hps atn\">(<\/span>forskjellig for <span class=\"hps\">hv\u00e6r<\/span> <span class=\"hps\">tittel)<\/span> Skal <span class=\"hps\">der<\/span> <span class=\"hps\">etter \u00e5 f\u00e5<\/span> <span class=\"hps\">sin tittel<\/span><span class=\"hps\">registrert<\/span>, skrives inn i den spanske <span class=\"hps atn\">&laquo;<\/span>Colegiet&raquo; <span class=\"hps\">Colegiado<\/span>. Hvor der betales <span class=\"hps\">en kvote<\/span> <span class=\"hps\">hv\u00e6r<\/span> <span class=\"hps\">kvartal og<\/span> <span class=\"hps\">er<\/span> <span class=\"hps\">dekket<\/span> <span class=\"hps\">med<\/span> ansvars<span class=\"hps\">forsikring<\/span> <span class=\"hps\">&#8230;&#8230;<\/span><\/p>\n\t\t\t<\/div>\n\t\t<\/div>\n\t\t\t\t<div id=\"qaef-1343\" class=\"qe-faq-toggle norsk-nn\">\n\t\t\t<div class=\"qe-toggle-title\">\n\t\t\t\t<h4>\n\t\t\t\t\t<i class=\"fa fa-minus-circle\"><\/i> Registrering for uf\u00f8rhet grad\t\t\t\t<\/h4>\n\t\t\t<\/div>\n\t\t\t<div class=\"qe-toggle-content\">\n\t\t\t\t<p>De spanske skattereglene gir mulighet for \u00e5 \u00f8ke personfradrag, dersom skattyter har en \u00abgodkjent\u00bb uf\u00f8regrad.\u00a0Dette vil betyr lavere skatt for skattyteren.<br \/>\nImidlertid oppst\u00e5r det et problem i forbindelse med dette trekk, i tilfelle av en skattyter ikke har f\u00e5t godkjent uf\u00f8regraden\u00a0 av den spanske\u00a0myndighet.\u00a0If\u00f8lge de spanske skattemyndigheter mener de at denne uf\u00f8regrad skal\u00a0bli \u00abgodkjent\u00bb av de spanske myndigheter for at den spanske skattemyndigheter godtar fradraget.<br \/>\nFor \u00e5 f\u00e5 sin\u00a0utenlandsk uf\u00f8regrad registrert \/ godkjent i Spania, b\u00f8r skattytere sende inn en s\u00f8knad til myndighetene for \u00e5 f\u00e5 \u00abtildelt\u00bb en grad av uf\u00f8rhet i Spania og vedlegge oversatt dokumentasjon av pasientjournaler og komunikationer som tilgjengelig for\u00a0invaliditeten (diagnose).<\/p>\n<p>Avhengig av invaliditetsgradens st\u00f8rrelse kan skattyteren bruke uf\u00f8retrygden p\u00e5 mellom 2316 Euro og fram til 9354 Euro.<br \/>\nDenne prosessen\u00a0er\u00a0tidkrevende og har\u00a0kostnad for\u00a0oversettelse og mulig\u00a0tolk. Mange har ikke hatt sin\u00a0norske uf\u00f8regrad godkjent\/ akseptert i Spania men har likevel brukt dette fradraget i Spania.<\/p>\n<p>Inntil\u00a0har de spanske skattemyndighetene ikke fokusert p\u00e5 disse fradragene og derfor har der \u00abnormal\u00bb ikke har v\u00e6rt problemer med \u00e5 bruke dette fradraget, selv om man ikke har hatt sin uf\u00f8regrad godkjent i Spania. De spanske skattemyndighetene har begynt \u00e5 stramme opp p\u00e5 disse fradragene, og vil v\u00e6re sikker p\u00e5 at skattytere som bruker dette fradraget, har ogs\u00e5 denne uf\u00f8regrad\u00a0\u00abgodkjent\u00bb i Spania.<br \/>\nEr\u00a0det\u00a0ikke tilfellet, kan de spanske skattemyndighetene\u00a0gi b\u00f8ter for dette og gj\u00f8re en skatteberegning UTEN dette fradraget\u00a0og kreve en etterskat pluss renter og ytterligere straff.\u00a0Det er derfor viktig, at man er klar over dette kravet fra skattemyndighetenes side, s\u00e5 skattyteren er\u00a0klar over at de kan risikere en ekstra krevning fra de spanske skattemyndighetene i tilfelle de bruker fradrag uten \u00e5 p\u00e5vise graden av invaliditet i Spania.<\/p>\n\t\t\t<\/div>\n\t\t<\/div>\n\t\t\t\t<div id=\"qaef-1342\" class=\"qe-faq-toggle norsk-nn\">\n\t\t\t<div class=\"qe-toggle-title\">\n\t\t\t\t<h4>\n\t\t\t\t\t<i class=\"fa fa-minus-circle\"><\/i> Skattecertifikat &laquo;Certificado de Residente Fiscal en Espa\u00f1a&raquo;\t\t\t\t<\/h4>\n\t\t\t<\/div>\n\t\t\t<div class=\"qe-toggle-content\">\n\t\t\t\t<p><span title=\"Ved nogle lejligheder kan udl\u00e6ndinge som har residens i Spanien f\u00e5 brug for et dokument udstedt af det spanske skattev\u00e6sen kaldet &quot;Skattem\u00e6ssig bop\u00e6lsattest\/skattecertifikat&quot; (&quot;Certificado de Residente Fiscal&quot;).\">Av og til har normen som har oppholdstillatelse i Spania\u00a0bruk for et dokument utstedt av den spanske skattemyndigheter kalt &laquo;Skattemessig bosted sertifikat \/ ligningsattest &laquo;Certificado de Residente Fiscal&raquo;.<\/span> <span title=\"Dette dokument m\u00e5 ikke forveksles med &quot;Registreringsbevis for EU-borgere&quot; (Certificado de Registro de Ciudadano de la Uni\u00f3n&quot;), da dette er et dokument som udstedes af politiet og som alle personer der er bosiddende i Spanien i over tre m\u00e5neder skal bede om\">Dette dokumentet m\u00e5 ikke forveksles med &laquo;registreringsbevis for EU-borgere&raquo; (Certificado de Registro de Ciudadano de la Uni\u00f3n &laquo;), da dette er et dokument utstedt av National Politiet, og\u00a0 alle som er bosatt i Spania i over tre m\u00e5neder m\u00e5 be om<\/span> <span title=\". Det Spanske Skattecertifikat kan derimod kun udleveres til de personer som indleverer selvangivelse i Spanien, det vil sige, alle de personer som bor her i over 183 dage om \u00e5ret. (Se evt. afsnittet &quot;Skattemodeller&quot;).\">. Den spanske skatteattest, kan bare gis til dem som sender inn selvangivelsen i Spania, det vil si alle de som bor her i mer enn 183 dager i \u00e5ret.<br \/>\nDette dokument kan v\u00e6re sv\u00e6rt nyttig hvis du har bruk for \u00e5 bevise for hjemlandet at du ikke lenger er skattepliktig der. S\u00e5 undg\u00e5r du at der blir trukket skatt av<\/span> <span title=\"Derved undg\u00e5r du, for eksempel, at din pension eller anden type indt\u00e6gt p\u00e5l\u00e6gges et fradrag, eller simpelthen fordi dit land kr\u00e6ver det for at du ikke skal betale skat der.\">din pensjon eller annen type inntekt, eller rett og slett fordi dit hjemeland krever det for \u00e5 bli skattefritaget<\/span> <span title=\"Derved undg\u00e5r du, for eksempel, at din pension eller anden type indt\u00e6gt p\u00e5l\u00e6gges et fradrag, eller simpelthen fordi dit land kr\u00e6ver det for at du ikke skal betale skat der.\">der.<\/p>\n<p><\/span><span title=\"En anden fordel ved dette bevis er, at du kan undg\u00e5 at f\u00e5 indeholdt et bel\u00f8b p\u00e5 3% af salgsprisen ved salg af din bolig eller fast ejendom i Spanien, da dette indeholdte bel\u00f8b udelukkende omfatter ikke-residenter.\">En annen fordel med dette beviset er at du kan unng\u00e5 at Skattekontoret inneholder en mengde p\u00e5 3% av salgsprisen fra salg av ditt hjem eller eiendom i Spania, som\u00a0 utgj\u00f8r et tilbakeholdt utelukkende for ikke-residenter.<\/span> <span title=\"Du kan s\u00e5ledes bevise at du er bosiddende i Spanien ved at indbringe et skattecertifikat til notaren.\">Du kan bevise at du er bosatt i Spania ved \u00e5 bringe skatte-certifikatet til notarius.<\/p>\n<p><\/span><span title=\"Det forholder sig s\u00e5dan takket v\u00e6re de mange skandinaviske klienter som gennem mange \u00e5r har vist os deres tillid.\">Faktum er, takket v\u00e6re de mange skandinaviske kunder over mange \u00e5r har vist oss deres\u00a0tillit.<\/span> Desuten vet vi alle, at\u00a0v\u00e5re medborgere fra Nord-Europa har alltid v\u00e6rt den mest ber\u00f8rte i forhold til skattesp\u00f8rsm\u00e5l.<\/p>\n<p>&nbsp;<\/p>\n\t\t\t<\/div>\n\t\t<\/div>\n\t\t            <\/div>\n\t\t\t\t\t\t\t\t\t\t<\/div>\n\t\t\t\t<\/div>\n\t\t\t\t\t<\/div>\n\t\t<\/div>\n\t\t\t\t\t<\/div>\n\t\t<\/section>\n\t\t\t\t<\/div>\n\t\t","protected":false},"excerpt":{"rendered":"<p>Konsulentbureau FAQ Konsulentbyr\u00e5et &laquo;Gr\u00f8n &amp; Andersen&raquo; er det alltid en danske som tar telefonen. Det er bare en detalj, men den inneholder hele ideen.<\/p>\n","protected":false},"author":3,"featured_media":0,"parent":0,"menu_order":0,"comment_status":"closed","ping_status":"closed","template":"elementor_header_footer","meta":{"footnotes":"","_links_to":"","_links_to_target":""},"class_list":["post-3953","page","type-page","status-publish","hentry"],"_links":{"self":[{"href":"https:\/\/www.gron-andersen.es\/no\/wp-json\/wp\/v2\/pages\/3953","targetHints":{"allow":["GET"]}}],"collection":[{"href":"https:\/\/www.gron-andersen.es\/no\/wp-json\/wp\/v2\/pages"}],"about":[{"href":"https:\/\/www.gron-andersen.es\/no\/wp-json\/wp\/v2\/types\/page"}],"author":[{"embeddable":true,"href":"https:\/\/www.gron-andersen.es\/no\/wp-json\/wp\/v2\/users\/3"}],"replies":[{"embeddable":true,"href":"https:\/\/www.gron-andersen.es\/no\/wp-json\/wp\/v2\/comments?post=3953"}],"version-history":[{"count":4,"href":"https:\/\/www.gron-andersen.es\/no\/wp-json\/wp\/v2\/pages\/3953\/revisions"}],"predecessor-version":[{"id":4440,"href":"https:\/\/www.gron-andersen.es\/no\/wp-json\/wp\/v2\/pages\/3953\/revisions\/4440"}],"wp:attachment":[{"href":"https:\/\/www.gron-andersen.es\/no\/wp-json\/wp\/v2\/media?parent=3953"}],"curies":[{"name":"wp","href":"https:\/\/api.w.org\/{rel}","templated":true}]}}